{"id":5144,"date":"2025-06-03T09:58:18","date_gmt":"2025-06-03T07:58:18","guid":{"rendered":"https:\/\/fredavelle.fr\/?post_type=portfolio&#038;p=5144"},"modified":"2025-06-03T09:58:19","modified_gmt":"2025-06-03T07:58:19","slug":"les-eleonores-de-provences","status":"publish","type":"portfolio","link":"https:\/\/fredavelle.fr\/index.php\/portfolio\/les-eleonores-de-provences\/","title":{"rendered":"Les \u00c9l\u00e9onores de Provences"},"content":{"rendered":"\n<p>Olivia a eu l\u2019honneur d\u2019\u00eatre intronis\u00e9e au sein des&nbsp;<a href=\"https:\/\/femmes-de-vin.com\/les-associations\/eleonores-de-provence\/?utm_source=brevo&amp;utm_campaign=Comdies%20%20Eleonores&amp;utm_medium=email\" target=\"_blank\" rel=\"noreferrer noopener\">\u00c9l\u00e9onores de Provence<\/a>, la branche r\u00e9gionale de l\u2019association&nbsp;<a href=\"https:\/\/femmes-de-vin.com\/?utm_source=brevo&amp;utm_campaign=Comdies%20%20Eleonores&amp;utm_medium=email\" target=\"_blank\" rel=\"noreferrer noopener\">Femmes de Vin<\/a>.<br><br>Int\u00e9grer ce r\u00e9seau, c\u2019est affirmer le r\u00f4le essentiel des femmes dans l\u2019univers du vin, encourager les dynamiques locales autour de projets engag\u00e9s, et d\u00e9fendre une viticulture porteuse de sens. C\u2019est aussi l\u2019occasion de transmettre, ensemble, les valeurs qui nous animent :&nbsp;<strong>authenticit\u00e9, passion et respect du terroir<\/strong>.<\/p>\n\n\n\n<p>Un grand merci aux \u00c9l\u00e9onores pour leur accueil chaleureux, et \u00e0 toutes celles qui ont partag\u00e9 ce moment fort en \u00e9motions aux c\u00f4t\u00e9s d\u2019Olivia.<\/p>\n\n\n\n<p><\/p>\n","protected":false},"featured_media":5148,"menu_order":0,"template":"","portfolio-category":[25],"portfolio-tag":[],"class_list":["post-5144","portfolio","type-portfolio","status-publish","has-post-thumbnail","hentry","portfolio-category-actualite"],"yoast_head":"<!-- This site is optimized with the Yoast SEO plugin v27.4 - https:\/\/yoast.com\/product\/yoast-seo-wordpress\/ -->\n<title>Les \u00c9l\u00e9onores de Provences |<\/title>\n<meta name=\"robots\" content=\"noindex, follow\" \/>\n<meta property=\"og:locale\" content=\"fr_FR\" \/>\n<meta property=\"og:type\" content=\"article\" \/>\n<meta property=\"og:title\" content=\"Les \u00c9l\u00e9onores de Provences |\" \/>\n<meta property=\"og:description\" content=\"Olivia a eu l\u2019honneur d\u2019\u00eatre intronis\u00e9e au sein des&nbsp;\u00c9l\u00e9onores de Provence, la branche r\u00e9gionale de l\u2019association&nbsp;Femmes de Vin. Int\u00e9grer ce r\u00e9seau, c\u2019est affirmer le r\u00f4le essentiel des femmes dans l\u2019univers &hellip; Lire la suite de\u00ab\u00a0Les \u00c9l\u00e9onores de Provences\u00a0\u00bb\" \/>\n<meta property=\"og:url\" content=\"https:\/\/fredavelle.fr\/index.php\/portfolio\/les-eleonores-de-provences\/\" \/>\n<meta property=\"article:publisher\" content=\"https:\/\/www.facebook.com\/domainefredavelle\" \/>\n<meta property=\"article:modified_time\" content=\"2025-06-03T07:58:19+00:00\" \/>\n<meta property=\"og:image\" content=\"https:\/\/fredavelle.fr\/wp-content\/uploads\/2025\/06\/eleonores-actualite-1024x1024.jpg\" \/>\n\t<meta property=\"og:image:width\" content=\"1024\" \/>\n\t<meta property=\"og:image:height\" content=\"1024\" \/>\n\t<meta property=\"og:image:type\" content=\"image\/jpeg\" \/>\n<meta name=\"twitter:card\" content=\"summary_large_image\" \/>\n<meta name=\"twitter:label1\" content=\"Dur\u00e9e de lecture estim\u00e9e\" \/>\n\t<meta name=\"twitter:data1\" content=\"1 minute\" \/>\n<script type=\"application\/ld+json\" class=\"yoast-schema-graph\">{\"@context\":\"https:\\\/\\\/schema.org\",\"@graph\":[{\"@type\":\"WebPage\",\"@id\":\"https:\\\/\\\/fredavelle.fr\\\/index.php\\\/portfolio\\\/les-eleonores-de-provences\\\/\",\"url\":\"https:\\\/\\\/fredavelle.fr\\\/index.php\\\/portfolio\\\/les-eleonores-de-provences\\\/\",\"name\":\"Les \u00c9l\u00e9onores de Provences |\",\"isPartOf\":{\"@id\":\"https:\\\/\\\/fredavelle.fr\\\/#website\"},\"primaryImageOfPage\":{\"@id\":\"https:\\\/\\\/fredavelle.fr\\\/index.php\\\/portfolio\\\/les-eleonores-de-provences\\\/#primaryimage\"},\"image\":{\"@id\":\"https:\\\/\\\/fredavelle.fr\\\/index.php\\\/portfolio\\\/les-eleonores-de-provences\\\/#primaryimage\"},\"thumbnailUrl\":\"https:\\\/\\\/fredavelle.fr\\\/wp-content\\\/uploads\\\/2025\\\/06\\\/eleonores-actualite.jpg\",\"datePublished\":\"2025-06-03T07:58:18+00:00\",\"dateModified\":\"2025-06-03T07:58:19+00:00\",\"breadcrumb\":{\"@id\":\"https:\\\/\\\/fredavelle.fr\\\/index.php\\\/portfolio\\\/les-eleonores-de-provences\\\/#breadcrumb\"},\"inLanguage\":\"fr-FR\",\"potentialAction\":[{\"@type\":\"ReadAction\",\"target\":[\"https:\\\/\\\/fredavelle.fr\\\/index.php\\\/portfolio\\\/les-eleonores-de-provences\\\/\"]}]},{\"@type\":\"ImageObject\",\"inLanguage\":\"fr-FR\",\"@id\":\"https:\\\/\\\/fredavelle.fr\\\/index.php\\\/portfolio\\\/les-eleonores-de-provences\\\/#primaryimage\",\"url\":\"https:\\\/\\\/fredavelle.fr\\\/wp-content\\\/uploads\\\/2025\\\/06\\\/eleonores-actualite.jpg\",\"contentUrl\":\"https:\\\/\\\/fredavelle.fr\\\/wp-content\\\/uploads\\\/2025\\\/06\\\/eleonores-actualite.jpg\",\"width\":1535,\"height\":1535},{\"@type\":\"BreadcrumbList\",\"@id\":\"https:\\\/\\\/fredavelle.fr\\\/index.php\\\/portfolio\\\/les-eleonores-de-provences\\\/#breadcrumb\",\"itemListElement\":[{\"@type\":\"ListItem\",\"position\":1,\"name\":\"Accueil\",\"item\":\"https:\\\/\\\/fredavelle.fr\\\/\"},{\"@type\":\"ListItem\",\"position\":2,\"name\":\"Les \u00c9l\u00e9onores de Provences\"}]},{\"@type\":\"WebSite\",\"@id\":\"https:\\\/\\\/fredavelle.fr\\\/#website\",\"url\":\"https:\\\/\\\/fredavelle.fr\\\/\",\"name\":\"Domaine Fredavelle\",\"description\":\"vignerons en coteaux d&#039;aix-en-provence\",\"publisher\":{\"@id\":\"https:\\\/\\\/fredavelle.fr\\\/#organization\"},\"potentialAction\":[{\"@type\":\"SearchAction\",\"target\":{\"@type\":\"EntryPoint\",\"urlTemplate\":\"https:\\\/\\\/fredavelle.fr\\\/?s={search_term_string}\"},\"query-input\":{\"@type\":\"PropertyValueSpecification\",\"valueRequired\":true,\"valueName\":\"search_term_string\"}}],\"inLanguage\":\"fr-FR\"},{\"@type\":\"Organization\",\"@id\":\"https:\\\/\\\/fredavelle.fr\\\/#organization\",\"name\":\"Domaine Fredavelle\",\"url\":\"https:\\\/\\\/fredavelle.fr\\\/\",\"logo\":{\"@type\":\"ImageObject\",\"inLanguage\":\"fr-FR\",\"@id\":\"https:\\\/\\\/fredavelle.fr\\\/#\\\/schema\\\/logo\\\/image\\\/\",\"url\":\"https:\\\/\\\/fredavelle.fr\\\/wp-content\\\/uploads\\\/2024\\\/08\\\/logo-pied-de-page-313.png\",\"contentUrl\":\"https:\\\/\\\/fredavelle.fr\\\/wp-content\\\/uploads\\\/2024\\\/08\\\/logo-pied-de-page-313.png\",\"width\":313,\"height\":313,\"caption\":\"Domaine Fredavelle\"},\"image\":{\"@id\":\"https:\\\/\\\/fredavelle.fr\\\/#\\\/schema\\\/logo\\\/image\\\/\"},\"sameAs\":[\"https:\\\/\\\/www.facebook.com\\\/domainefredavelle\",\"https:\\\/\\\/www.instagram.com\\\/domainefredavelle\"]}]}<\/script>\n<!-- \/ Yoast SEO plugin. -->","yoast_head_json":{"title":"Les \u00c9l\u00e9onores de Provences |","robots":{"index":"noindex","follow":"follow"},"og_locale":"fr_FR","og_type":"article","og_title":"Les \u00c9l\u00e9onores de Provences |","og_description":"Olivia a eu l\u2019honneur d\u2019\u00eatre intronis\u00e9e au sein des&nbsp;\u00c9l\u00e9onores de Provence, la branche r\u00e9gionale de l\u2019association&nbsp;Femmes de Vin. Int\u00e9grer ce r\u00e9seau, c\u2019est affirmer le r\u00f4le essentiel des femmes dans l\u2019univers &hellip; Lire la suite de\u00ab\u00a0Les \u00c9l\u00e9onores de Provences\u00a0\u00bb","og_url":"https:\/\/fredavelle.fr\/index.php\/portfolio\/les-eleonores-de-provences\/","article_publisher":"https:\/\/www.facebook.com\/domainefredavelle","article_modified_time":"2025-06-03T07:58:19+00:00","og_image":[{"width":1024,"height":1024,"url":"https:\/\/fredavelle.fr\/wp-content\/uploads\/2025\/06\/eleonores-actualite-1024x1024.jpg","type":"image\/jpeg"}],"twitter_card":"summary_large_image","twitter_misc":{"Dur\u00e9e de lecture estim\u00e9e":"1 minute"},"schema":{"@context":"https:\/\/schema.org","@graph":[{"@type":"WebPage","@id":"https:\/\/fredavelle.fr\/index.php\/portfolio\/les-eleonores-de-provences\/","url":"https:\/\/fredavelle.fr\/index.php\/portfolio\/les-eleonores-de-provences\/","name":"Les \u00c9l\u00e9onores de Provences |","isPartOf":{"@id":"https:\/\/fredavelle.fr\/#website"},"primaryImageOfPage":{"@id":"https:\/\/fredavelle.fr\/index.php\/portfolio\/les-eleonores-de-provences\/#primaryimage"},"image":{"@id":"https:\/\/fredavelle.fr\/index.php\/portfolio\/les-eleonores-de-provences\/#primaryimage"},"thumbnailUrl":"https:\/\/fredavelle.fr\/wp-content\/uploads\/2025\/06\/eleonores-actualite.jpg","datePublished":"2025-06-03T07:58:18+00:00","dateModified":"2025-06-03T07:58:19+00:00","breadcrumb":{"@id":"https:\/\/fredavelle.fr\/index.php\/portfolio\/les-eleonores-de-provences\/#breadcrumb"},"inLanguage":"fr-FR","potentialAction":[{"@type":"ReadAction","target":["https:\/\/fredavelle.fr\/index.php\/portfolio\/les-eleonores-de-provences\/"]}]},{"@type":"ImageObject","inLanguage":"fr-FR","@id":"https:\/\/fredavelle.fr\/index.php\/portfolio\/les-eleonores-de-provences\/#primaryimage","url":"https:\/\/fredavelle.fr\/wp-content\/uploads\/2025\/06\/eleonores-actualite.jpg","contentUrl":"https:\/\/fredavelle.fr\/wp-content\/uploads\/2025\/06\/eleonores-actualite.jpg","width":1535,"height":1535},{"@type":"BreadcrumbList","@id":"https:\/\/fredavelle.fr\/index.php\/portfolio\/les-eleonores-de-provences\/#breadcrumb","itemListElement":[{"@type":"ListItem","position":1,"name":"Accueil","item":"https:\/\/fredavelle.fr\/"},{"@type":"ListItem","position":2,"name":"Les \u00c9l\u00e9onores de Provences"}]},{"@type":"WebSite","@id":"https:\/\/fredavelle.fr\/#website","url":"https:\/\/fredavelle.fr\/","name":"Domaine Fredavelle","description":"vignerons en coteaux d&#039;aix-en-provence","publisher":{"@id":"https:\/\/fredavelle.fr\/#organization"},"potentialAction":[{"@type":"SearchAction","target":{"@type":"EntryPoint","urlTemplate":"https:\/\/fredavelle.fr\/?s={search_term_string}"},"query-input":{"@type":"PropertyValueSpecification","valueRequired":true,"valueName":"search_term_string"}}],"inLanguage":"fr-FR"},{"@type":"Organization","@id":"https:\/\/fredavelle.fr\/#organization","name":"Domaine Fredavelle","url":"https:\/\/fredavelle.fr\/","logo":{"@type":"ImageObject","inLanguage":"fr-FR","@id":"https:\/\/fredavelle.fr\/#\/schema\/logo\/image\/","url":"https:\/\/fredavelle.fr\/wp-content\/uploads\/2024\/08\/logo-pied-de-page-313.png","contentUrl":"https:\/\/fredavelle.fr\/wp-content\/uploads\/2024\/08\/logo-pied-de-page-313.png","width":313,"height":313,"caption":"Domaine Fredavelle"},"image":{"@id":"https:\/\/fredavelle.fr\/#\/schema\/logo\/image\/"},"sameAs":["https:\/\/www.facebook.com\/domainefredavelle","https:\/\/www.instagram.com\/domainefredavelle"]}]}},"uagb_featured_image_src":{"full":["https:\/\/fredavelle.fr\/wp-content\/uploads\/2025\/06\/eleonores-actualite.jpg",1535,1535,false],"thumbnail":["https:\/\/fredavelle.fr\/wp-content\/uploads\/2025\/06\/eleonores-actualite-150x150.jpg",150,150,true],"medium":["https:\/\/fredavelle.fr\/wp-content\/uploads\/2025\/06\/eleonores-actualite-300x300.jpg",300,300,true],"medium_large":["https:\/\/fredavelle.fr\/wp-content\/uploads\/2025\/06\/eleonores-actualite.jpg",768,768,false],"large":["https:\/\/fredavelle.fr\/wp-content\/uploads\/2025\/06\/eleonores-actualite-1024x1024.jpg",950,950,true],"1536x1536":["https:\/\/fredavelle.fr\/wp-content\/uploads\/2025\/06\/eleonores-actualite.jpg",1535,1535,false],"2048x2048":["https:\/\/fredavelle.fr\/wp-content\/uploads\/2025\/06\/eleonores-actualite.jpg",1535,1535,false],"inspiro-featured-image":["https:\/\/fredavelle.fr\/wp-content\/uploads\/2025\/06\/eleonores-actualite.jpg",1535,1535,false],"inspiro-loop":["https:\/\/fredavelle.fr\/wp-content\/uploads\/2025\/06\/eleonores-actualite-950x320.jpg",950,320,true],"inspiro-loop@2x":["https:\/\/fredavelle.fr\/wp-content\/uploads\/2025\/06\/eleonores-actualite-1535x640.jpg",1535,640,true],"tlp-portfolio-thumb":["https:\/\/fredavelle.fr\/wp-content\/uploads\/2025\/06\/eleonores-actualite-350x250.jpg",350,250,true]},"uagb_author_info":{"display_name":"Domaine Fredavelle","author_link":"https:\/\/fredavelle.fr\/index.php\/author\/"},"uagb_comment_info":0,"uagb_excerpt":"Olivia a eu l\u2019honneur d\u2019\u00eatre intronis\u00e9e au sein des&nbsp;\u00c9l\u00e9onores de Provence, la branche r\u00e9gionale de l\u2019association&nbsp;Femmes de Vin. Int\u00e9grer ce r\u00e9seau, c\u2019est affirmer le r\u00f4le essentiel des femmes dans l\u2019univers &hellip; Lire la suite de\u00ab\u00a0Les \u00c9l\u00e9onores de Provences\u00a0\u00bb","_links":{"self":[{"href":"https:\/\/fredavelle.fr\/index.php\/wp-json\/wp\/v2\/portfolio\/5144","targetHints":{"allow":["GET"]}}],"collection":[{"href":"https:\/\/fredavelle.fr\/index.php\/wp-json\/wp\/v2\/portfolio"}],"about":[{"href":"https:\/\/fredavelle.fr\/index.php\/wp-json\/wp\/v2\/types\/portfolio"}],"wp:featuredmedia":[{"embeddable":true,"href":"https:\/\/fredavelle.fr\/index.php\/wp-json\/wp\/v2\/media\/5148"}],"wp:attachment":[{"href":"https:\/\/fredavelle.fr\/index.php\/wp-json\/wp\/v2\/media?parent=5144"}],"wp:term":[{"taxonomy":"portfolio-category","embeddable":true,"href":"https:\/\/fredavelle.fr\/index.php\/wp-json\/wp\/v2\/portfolio-category?post=5144"},{"taxonomy":"portfolio-tag","embeddable":true,"href":"https:\/\/fredavelle.fr\/index.php\/wp-json\/wp\/v2\/portfolio-tag?post=5144"}],"curies":[{"name":"wp","href":"https:\/\/api.w.org\/{rel}","templated":true}]}}