{"id":4622,"date":"2024-09-18T16:25:10","date_gmt":"2024-09-18T14:25:10","guid":{"rendered":"https:\/\/fredavelle.fr\/?post_type=portfolio&#038;p=4622"},"modified":"2024-09-25T10:32:40","modified_gmt":"2024-09-25T08:32:40","slug":"guide-hachette-des-vins-2025","status":"publish","type":"portfolio","link":"https:\/\/fredavelle.fr\/index.php\/portfolio\/guide-hachette-des-vins-2025\/","title":{"rendered":"Guide Hachette des vins 2025"},"content":{"rendered":"\n<h2 class=\"wp-block-heading\">Aromance 2023 ros\u00e9 : L&#8217;avis du Guide Hachette des Vins 2025<\/h2>\n\n\n\n<p>De la syrah (60&nbsp;%), du cabernet-sauvignon (30&nbsp;%) et une touche de grenache composent la formule de cette Aromance&nbsp;: un vibrant ros\u00e9 \u00e0 la robe poudr\u00e9e, mariant la goyave et l&#8217;\u00e9corce de pamplemousse \u00e0 une touche de fenouil. Des ar\u00f4mes qui infusent \u00e9galement une bouche g\u00e9n\u00e9reuse, souple et persistante, dynamis\u00e9e par une ligne de vivacit\u00e9 aux accents de gingembre.<\/p>\n\n\n\n<h2 class=\"wp-block-heading\"><strong>D\u00e9tail\u00a0du vin<\/strong>\u00a0<\/h2>\n\n\n\n<p><strong><em>Quelle note du Guide Hachette le vin Domaine Fredavelle Aromance 2023 ros\u00e9 a-t-il obtenu ? Dans quelle \u00e9dition a-t-il \u00e9t\u00e9 not\u00e9 <\/em>?<\/strong><br>Le Domaine Fredavelle Aromance 2023 ros\u00e9 a obtenu la note de\u00a0<strong>1 \u00e9toile<\/strong>, ce qui correspond \u00e0 un\u00a0<strong>vin tr\u00e8s r\u00e9ussi<\/strong>. Ce vin a \u00e9t\u00e9 not\u00e9 dans l\u2019\u00e9dition 2025 du Guide Hachette Vins.<\/p>\n\n\n\n<p><strong><em>Combien de bouteilles de Domaine Fredavelle Aromance 2023 ros\u00e9 ont-elles \u00e9t\u00e9 produites ?<\/em><\/strong><br>28 000 bouteilles de cette cuv\u00e9e ont \u00e9t\u00e9 produites.<\/p>\n\n\n\n<p><strong><em>Comment est \u00e9lev\u00e9 le vin Domaine Fredavelle Aromance 2023 ros\u00e9 ?<\/em><\/strong><br>Ce vin est \u00e9lev\u00e9 en cuve.<\/p>\n\n\n\n<p><strong><em>Quand est-il conseill\u00e9 de boire le Domaine Fredavelle Aromance 2023 ros\u00e9 ?<\/em><\/strong><br>Ce vin doit \u00eatre d\u00e9gust\u00e9 de pr\u00e9f\u00e9rence entre 2024 &#8211; 2025.<\/p>\n\n\n\n<p><strong><em>\u00c0 quelle temp\u00e9rature est-il recommand\u00e9 de boire le vin Domaine Fredavelle Aromance 2023 ros\u00e9 ?<\/em><\/strong><br>Nous recommandons de servir ce vin \u00e0 une temp\u00e9rature comprise entre 08 \u00e0 10 \u00b0C.<\/p>\n\n\n\n<p><\/p>\n","protected":false},"featured_media":4627,"menu_order":0,"template":"","portfolio-category":[25],"portfolio-tag":[],"class_list":["post-4622","portfolio","type-portfolio","status-publish","has-post-thumbnail","hentry","portfolio-category-actualite"],"yoast_head":"<!-- This site is optimized with the Yoast SEO plugin v27.4 - https:\/\/yoast.com\/product\/yoast-seo-wordpress\/ -->\n<title>Guide Hachette des vins 2025 |<\/title>\n<meta name=\"robots\" content=\"noindex, follow\" \/>\n<meta property=\"og:locale\" content=\"fr_FR\" \/>\n<meta property=\"og:type\" content=\"article\" \/>\n<meta property=\"og:title\" content=\"Guide Hachette des vins 2025 |\" \/>\n<meta property=\"og:description\" content=\"Aromance 2023 ros\u00e9 : L&#8217;avis du Guide Hachette des Vins 2025 De la syrah (60&nbsp;%), du cabernet-sauvignon (30&nbsp;%) et une touche de grenache composent la formule de cette Aromance&nbsp;: un &hellip; Lire la suite de\u00ab\u00a0Guide Hachette des vins 2025\u00a0\u00bb\" \/>\n<meta property=\"og:url\" content=\"https:\/\/fredavelle.fr\/index.php\/portfolio\/guide-hachette-des-vins-2025\/\" \/>\n<meta property=\"article:publisher\" content=\"https:\/\/www.facebook.com\/domainefredavelle\" \/>\n<meta property=\"article:modified_time\" content=\"2024-09-25T08:32:40+00:00\" \/>\n<meta property=\"og:image\" content=\"https:\/\/fredavelle.fr\/wp-content\/uploads\/2024\/09\/GH25-png7-1-e1726736516919-1024x1024.png\" \/>\n\t<meta property=\"og:image:width\" content=\"1024\" \/>\n\t<meta property=\"og:image:height\" content=\"1024\" \/>\n\t<meta property=\"og:image:type\" content=\"image\/png\" \/>\n<meta name=\"twitter:card\" content=\"summary_large_image\" \/>\n<meta name=\"twitter:label1\" content=\"Dur\u00e9e de lecture estim\u00e9e\" \/>\n\t<meta name=\"twitter:data1\" content=\"1 minute\" \/>\n<script type=\"application\/ld+json\" class=\"yoast-schema-graph\">{\"@context\":\"https:\\\/\\\/schema.org\",\"@graph\":[{\"@type\":\"WebPage\",\"@id\":\"https:\\\/\\\/fredavelle.fr\\\/index.php\\\/portfolio\\\/guide-hachette-des-vins-2025\\\/\",\"url\":\"https:\\\/\\\/fredavelle.fr\\\/index.php\\\/portfolio\\\/guide-hachette-des-vins-2025\\\/\",\"name\":\"Guide Hachette des vins 2025 |\",\"isPartOf\":{\"@id\":\"https:\\\/\\\/fredavelle.fr\\\/#website\"},\"primaryImageOfPage\":{\"@id\":\"https:\\\/\\\/fredavelle.fr\\\/index.php\\\/portfolio\\\/guide-hachette-des-vins-2025\\\/#primaryimage\"},\"image\":{\"@id\":\"https:\\\/\\\/fredavelle.fr\\\/index.php\\\/portfolio\\\/guide-hachette-des-vins-2025\\\/#primaryimage\"},\"thumbnailUrl\":\"https:\\\/\\\/fredavelle.fr\\\/wp-content\\\/uploads\\\/2024\\\/09\\\/GH25-png7-1-e1726736516919.png\",\"datePublished\":\"2024-09-18T14:25:10+00:00\",\"dateModified\":\"2024-09-25T08:32:40+00:00\",\"breadcrumb\":{\"@id\":\"https:\\\/\\\/fredavelle.fr\\\/index.php\\\/portfolio\\\/guide-hachette-des-vins-2025\\\/#breadcrumb\"},\"inLanguage\":\"fr-FR\",\"potentialAction\":[{\"@type\":\"ReadAction\",\"target\":[\"https:\\\/\\\/fredavelle.fr\\\/index.php\\\/portfolio\\\/guide-hachette-des-vins-2025\\\/\"]}]},{\"@type\":\"ImageObject\",\"inLanguage\":\"fr-FR\",\"@id\":\"https:\\\/\\\/fredavelle.fr\\\/index.php\\\/portfolio\\\/guide-hachette-des-vins-2025\\\/#primaryimage\",\"url\":\"https:\\\/\\\/fredavelle.fr\\\/wp-content\\\/uploads\\\/2024\\\/09\\\/GH25-png7-1-e1726736516919.png\",\"contentUrl\":\"https:\\\/\\\/fredavelle.fr\\\/wp-content\\\/uploads\\\/2024\\\/09\\\/GH25-png7-1-e1726736516919.png\",\"width\":1539,\"height\":1540},{\"@type\":\"BreadcrumbList\",\"@id\":\"https:\\\/\\\/fredavelle.fr\\\/index.php\\\/portfolio\\\/guide-hachette-des-vins-2025\\\/#breadcrumb\",\"itemListElement\":[{\"@type\":\"ListItem\",\"position\":1,\"name\":\"Accueil\",\"item\":\"https:\\\/\\\/fredavelle.fr\\\/\"},{\"@type\":\"ListItem\",\"position\":2,\"name\":\"Guide Hachette des vins 2025\"}]},{\"@type\":\"WebSite\",\"@id\":\"https:\\\/\\\/fredavelle.fr\\\/#website\",\"url\":\"https:\\\/\\\/fredavelle.fr\\\/\",\"name\":\"Domaine Fredavelle\",\"description\":\"vignerons en coteaux d&#039;aix-en-provence\",\"publisher\":{\"@id\":\"https:\\\/\\\/fredavelle.fr\\\/#organization\"},\"potentialAction\":[{\"@type\":\"SearchAction\",\"target\":{\"@type\":\"EntryPoint\",\"urlTemplate\":\"https:\\\/\\\/fredavelle.fr\\\/?s={search_term_string}\"},\"query-input\":{\"@type\":\"PropertyValueSpecification\",\"valueRequired\":true,\"valueName\":\"search_term_string\"}}],\"inLanguage\":\"fr-FR\"},{\"@type\":\"Organization\",\"@id\":\"https:\\\/\\\/fredavelle.fr\\\/#organization\",\"name\":\"Domaine Fredavelle\",\"url\":\"https:\\\/\\\/fredavelle.fr\\\/\",\"logo\":{\"@type\":\"ImageObject\",\"inLanguage\":\"fr-FR\",\"@id\":\"https:\\\/\\\/fredavelle.fr\\\/#\\\/schema\\\/logo\\\/image\\\/\",\"url\":\"https:\\\/\\\/fredavelle.fr\\\/wp-content\\\/uploads\\\/2024\\\/08\\\/logo-pied-de-page-313.png\",\"contentUrl\":\"https:\\\/\\\/fredavelle.fr\\\/wp-content\\\/uploads\\\/2024\\\/08\\\/logo-pied-de-page-313.png\",\"width\":313,\"height\":313,\"caption\":\"Domaine Fredavelle\"},\"image\":{\"@id\":\"https:\\\/\\\/fredavelle.fr\\\/#\\\/schema\\\/logo\\\/image\\\/\"},\"sameAs\":[\"https:\\\/\\\/www.facebook.com\\\/domainefredavelle\",\"https:\\\/\\\/www.instagram.com\\\/domainefredavelle\"]}]}<\/script>\n<!-- \/ Yoast SEO plugin. -->","yoast_head_json":{"title":"Guide Hachette des vins 2025 |","robots":{"index":"noindex","follow":"follow"},"og_locale":"fr_FR","og_type":"article","og_title":"Guide Hachette des vins 2025 |","og_description":"Aromance 2023 ros\u00e9 : L&#8217;avis du Guide Hachette des Vins 2025 De la syrah (60&nbsp;%), du cabernet-sauvignon (30&nbsp;%) et une touche de grenache composent la formule de cette Aromance&nbsp;: un &hellip; Lire la suite de\u00ab\u00a0Guide Hachette des vins 2025\u00a0\u00bb","og_url":"https:\/\/fredavelle.fr\/index.php\/portfolio\/guide-hachette-des-vins-2025\/","article_publisher":"https:\/\/www.facebook.com\/domainefredavelle","article_modified_time":"2024-09-25T08:32:40+00:00","og_image":[{"width":1024,"height":1024,"url":"https:\/\/fredavelle.fr\/wp-content\/uploads\/2024\/09\/GH25-png7-1-e1726736516919-1024x1024.png","type":"image\/png"}],"twitter_card":"summary_large_image","twitter_misc":{"Dur\u00e9e de lecture estim\u00e9e":"1 minute"},"schema":{"@context":"https:\/\/schema.org","@graph":[{"@type":"WebPage","@id":"https:\/\/fredavelle.fr\/index.php\/portfolio\/guide-hachette-des-vins-2025\/","url":"https:\/\/fredavelle.fr\/index.php\/portfolio\/guide-hachette-des-vins-2025\/","name":"Guide Hachette des vins 2025 |","isPartOf":{"@id":"https:\/\/fredavelle.fr\/#website"},"primaryImageOfPage":{"@id":"https:\/\/fredavelle.fr\/index.php\/portfolio\/guide-hachette-des-vins-2025\/#primaryimage"},"image":{"@id":"https:\/\/fredavelle.fr\/index.php\/portfolio\/guide-hachette-des-vins-2025\/#primaryimage"},"thumbnailUrl":"https:\/\/fredavelle.fr\/wp-content\/uploads\/2024\/09\/GH25-png7-1-e1726736516919.png","datePublished":"2024-09-18T14:25:10+00:00","dateModified":"2024-09-25T08:32:40+00:00","breadcrumb":{"@id":"https:\/\/fredavelle.fr\/index.php\/portfolio\/guide-hachette-des-vins-2025\/#breadcrumb"},"inLanguage":"fr-FR","potentialAction":[{"@type":"ReadAction","target":["https:\/\/fredavelle.fr\/index.php\/portfolio\/guide-hachette-des-vins-2025\/"]}]},{"@type":"ImageObject","inLanguage":"fr-FR","@id":"https:\/\/fredavelle.fr\/index.php\/portfolio\/guide-hachette-des-vins-2025\/#primaryimage","url":"https:\/\/fredavelle.fr\/wp-content\/uploads\/2024\/09\/GH25-png7-1-e1726736516919.png","contentUrl":"https:\/\/fredavelle.fr\/wp-content\/uploads\/2024\/09\/GH25-png7-1-e1726736516919.png","width":1539,"height":1540},{"@type":"BreadcrumbList","@id":"https:\/\/fredavelle.fr\/index.php\/portfolio\/guide-hachette-des-vins-2025\/#breadcrumb","itemListElement":[{"@type":"ListItem","position":1,"name":"Accueil","item":"https:\/\/fredavelle.fr\/"},{"@type":"ListItem","position":2,"name":"Guide Hachette des vins 2025"}]},{"@type":"WebSite","@id":"https:\/\/fredavelle.fr\/#website","url":"https:\/\/fredavelle.fr\/","name":"Domaine Fredavelle","description":"vignerons en coteaux d&#039;aix-en-provence","publisher":{"@id":"https:\/\/fredavelle.fr\/#organization"},"potentialAction":[{"@type":"SearchAction","target":{"@type":"EntryPoint","urlTemplate":"https:\/\/fredavelle.fr\/?s={search_term_string}"},"query-input":{"@type":"PropertyValueSpecification","valueRequired":true,"valueName":"search_term_string"}}],"inLanguage":"fr-FR"},{"@type":"Organization","@id":"https:\/\/fredavelle.fr\/#organization","name":"Domaine Fredavelle","url":"https:\/\/fredavelle.fr\/","logo":{"@type":"ImageObject","inLanguage":"fr-FR","@id":"https:\/\/fredavelle.fr\/#\/schema\/logo\/image\/","url":"https:\/\/fredavelle.fr\/wp-content\/uploads\/2024\/08\/logo-pied-de-page-313.png","contentUrl":"https:\/\/fredavelle.fr\/wp-content\/uploads\/2024\/08\/logo-pied-de-page-313.png","width":313,"height":313,"caption":"Domaine Fredavelle"},"image":{"@id":"https:\/\/fredavelle.fr\/#\/schema\/logo\/image\/"},"sameAs":["https:\/\/www.facebook.com\/domainefredavelle","https:\/\/www.instagram.com\/domainefredavelle"]}]}},"uagb_featured_image_src":{"full":["https:\/\/fredavelle.fr\/wp-content\/uploads\/2024\/09\/GH25-png7-1-e1726736516919.png",1539,1540,false],"thumbnail":["https:\/\/fredavelle.fr\/wp-content\/uploads\/2024\/09\/GH25-png7-1-e1726736516919-150x150.png",150,150,true],"medium":["https:\/\/fredavelle.fr\/wp-content\/uploads\/2024\/09\/GH25-png7-1-e1726736516919-300x300.png",300,300,true],"medium_large":["https:\/\/fredavelle.fr\/wp-content\/uploads\/2024\/09\/GH25-png7-1-e1726736516919-768x768.png",768,768,true],"large":["https:\/\/fredavelle.fr\/wp-content\/uploads\/2024\/09\/GH25-png7-1-e1726736516919-1024x1024.png",950,950,true],"1536x1536":["https:\/\/fredavelle.fr\/wp-content\/uploads\/2024\/09\/GH25-png7-1-e1726736516919-1536x1536.png",1536,1536,true],"2048x2048":["https:\/\/fredavelle.fr\/wp-content\/uploads\/2024\/09\/GH25-png7-1-e1726736516919.png",1539,1540,false],"inspiro-featured-image":["https:\/\/fredavelle.fr\/wp-content\/uploads\/2024\/09\/GH25-png7-1-e1726736516919.png",1539,1540,false],"inspiro-loop":["https:\/\/fredavelle.fr\/wp-content\/uploads\/2024\/09\/GH25-png7-1-e1726736516919-950x320.png",950,320,true],"inspiro-loop@2x":["https:\/\/fredavelle.fr\/wp-content\/uploads\/2024\/09\/GH25-png7-1-e1726736516919-1539x640.png",1539,640,true],"tlp-portfolio-thumb":["https:\/\/fredavelle.fr\/wp-content\/uploads\/2024\/09\/GH25-png7-1-e1726736516919-350x250.png",350,250,true]},"uagb_author_info":{"display_name":"Domaine Fredavelle","author_link":"https:\/\/fredavelle.fr\/index.php\/author\/"},"uagb_comment_info":0,"uagb_excerpt":"Aromance 2023 ros\u00e9 : L&#8217;avis du Guide Hachette des Vins 2025 De la syrah (60&nbsp;%), du cabernet-sauvignon (30&nbsp;%) et une touche de grenache composent la formule de cette Aromance&nbsp;: un &hellip; Lire la suite de\u00ab\u00a0Guide Hachette des vins 2025\u00a0\u00bb","_links":{"self":[{"href":"https:\/\/fredavelle.fr\/index.php\/wp-json\/wp\/v2\/portfolio\/4622","targetHints":{"allow":["GET"]}}],"collection":[{"href":"https:\/\/fredavelle.fr\/index.php\/wp-json\/wp\/v2\/portfolio"}],"about":[{"href":"https:\/\/fredavelle.fr\/index.php\/wp-json\/wp\/v2\/types\/portfolio"}],"wp:featuredmedia":[{"embeddable":true,"href":"https:\/\/fredavelle.fr\/index.php\/wp-json\/wp\/v2\/media\/4627"}],"wp:attachment":[{"href":"https:\/\/fredavelle.fr\/index.php\/wp-json\/wp\/v2\/media?parent=4622"}],"wp:term":[{"taxonomy":"portfolio-category","embeddable":true,"href":"https:\/\/fredavelle.fr\/index.php\/wp-json\/wp\/v2\/portfolio-category?post=4622"},{"taxonomy":"portfolio-tag","embeddable":true,"href":"https:\/\/fredavelle.fr\/index.php\/wp-json\/wp\/v2\/portfolio-tag?post=4622"}],"curies":[{"name":"wp","href":"https:\/\/api.w.org\/{rel}","templated":true}]}}