{"id":58,"date":"2016-05-31T15:14:02","date_gmt":"2016-05-31T14:14:02","guid":{"rendered":"http:\/\/fredavelle.fr\/?page_id=58"},"modified":"2024-05-21T16:06:37","modified_gmt":"2024-05-21T14:06:37","slug":"blanc","status":"publish","type":"page","link":"https:\/\/fredavelle.fr\/index.php\/vins\/cuvee-inspiration\/blanc\/","title":{"rendered":"Blanc 2022"},"content":{"rendered":"<div>\n<h3><strong><img loading=\"lazy\" decoding=\"async\" class=\"alignleft  wp-image-2585\" src=\"https:\/\/fredavelle.fr\/wp-content\/uploads\/2023\/07\/CA-Inspi-Blanc-2022-93x300.jpg\" alt=\"\" width=\"283\" height=\"913\" srcset=\"https:\/\/fredavelle.fr\/wp-content\/uploads\/2023\/07\/CA-Inspi-Blanc-2022-93x300.jpg 93w, https:\/\/fredavelle.fr\/wp-content\/uploads\/2023\/07\/CA-Inspi-Blanc-2022.jpg 290w\" sizes=\"auto, (max-width: 283px) 100vw, 283px\" \/>Cuv\u00e9e INSPIRATION Blanc 2022<\/strong><\/h3>\n<p><span style=\"color: #808080;\">AOP Coteaux d&#8217;Aix-en-Provence, BIO<\/span><\/p>\n<hr \/>\n<p>FICHE TECHNIQUE : <a href=\"https:\/\/fredavelle.fr\/wp-content\/uploads\/2023\/07\/FREDAVELLE-FT-INSPIRATION-BLANC-2022-BIO-Fr.pdf\">T\u00e9l\u00e9charger en fran\u00e7ais<\/a> \/ <a href=\"https:\/\/fredavelle.fr\/wp-content\/uploads\/2023\/07\/FREDAVELLE-TS-INSPIRATION-WHITE-2022-BIO-EN.pdf\">Download in english<\/a><\/p>\n<p><strong>C\u00c9PAGES<\/strong> : Sauvignon, Vermentino \/ Age moyen des vignes : 25 ans.\u00a0 \u00a0 \u00a0 \u00a0 \u00a0 \u00a0 \u00a0 S\u00e9lection parcellaire<\/p>\n<p><b>TERROIR <\/b>: Sol argilo-limoneux calcaire. Conserve l&#8217;humidit\u00e9 et la fraicheur.<\/p>\n<p><strong>VINIFICATION<\/strong> : Mac\u00e9ration pr\u00e9fermentaire de quelques heures avant pressurage. Fermentation \u00e0 basse temp\u00e9rature pendant 3 semaines en cuve, suivie d\u2019un \u00e9levage de 6 mois en f\u00fbt de ch\u00eane sur lies fines.<\/p>\n<p><strong>DEGUSTATION : <\/strong><span class=\"WdYUQQ text-decoration-none text-strikethrough-none\">Vin sec au nez riche et intense, bois\u00e9, aux accents fum\u00e9s et au parfum de fruits m\u00fbrs zest\u00e9s. <\/span><span class=\"WdYUQQ text-decoration-none text-strikethrough-none\">Tr\u00e8s bel \u00e9quilibre entre puissance et complexit\u00e9 aromatique, les notes d&#8217;\u00e9levage se fondent aux ar\u00f4mes de poire, coing confit, abricot et miel. Le palais allie fra\u00eecheur, onctuosit\u00e9, volume et s&#8217;\u00e9tire dans une belle finale fruit\u00e9e et min\u00e9rale. Un blanc de repas \u00e0 ouvrir 1 heure avant ou carafer.<\/span><\/p>\n<p><b>SERVICE<\/b>: <span class=\"WdYUQQ text-decoration-none text-strikethrough-none\">Foie gras, poisson fum\u00e9 ou en sauce, volaille aux morilles, curry d&#8217;agneau, tajine de poulet, fromage de caract\u00e8re.<\/span><\/p>\n<p><strong>POTENTIEL DE GARDE<\/strong> : 5 ans<\/p>\n<p><strong>ALCOOL<\/strong> : 13 % vol.<\/p>\n<p><strong>FORMATS DISPONIBLES<\/strong> : 75 cl<\/p>\n<p><em><img loading=\"lazy\" decoding=\"async\" class=\"alignleft  wp-image-2505\" src=\"https:\/\/fredavelle.fr\/wp-content\/uploads\/2023\/05\/EU_Organic_Logo_Colour_rgb-300x200.jpg\" alt=\"\" width=\"44\" height=\"29\" srcset=\"https:\/\/fredavelle.fr\/wp-content\/uploads\/2023\/05\/EU_Organic_Logo_Colour_rgb-300x200.jpg 300w, https:\/\/fredavelle.fr\/wp-content\/uploads\/2023\/05\/EU_Organic_Logo_Colour_rgb.jpg 500w\" sizes=\"auto, (max-width: 44px) 100vw, 44px\" \/>Agriculture Biologique France. Certifi\u00e9 par FR-BIO-01<\/em><\/p>\n<\/div>\n","protected":false},"excerpt":{"rendered":"<p>Cuv\u00e9e INSPIRATION Blanc 2022 AOP Coteaux d&#8217;Aix-en-Provence, BIO FICHE TECHNIQUE : T\u00e9l\u00e9charger en fran\u00e7ais \/ Download in english C\u00c9PAGES : Sauvignon, Vermentino \/ Age moyen des vignes : 25 ans.\u00a0 &hellip; <\/p>\n<p class=\"link-more\"><a href=\"https:\/\/fredavelle.fr\/index.php\/vins\/cuvee-inspiration\/blanc\/\" class=\"more-link\">Lire la suite de<span class=\"screen-reader-text\">\u00ab\u00a0Blanc 2022\u00a0\u00bb<\/span><\/a><\/p>\n","protected":false},"author":1,"featured_media":0,"parent":54,"menu_order":2,"comment_status":"closed","ping_status":"closed","template":"","meta":{"_uag_custom_page_level_css":"","inspiro_hide_title":false,"footnotes":""},"class_list":["post-58","page","type-page","status-publish","hentry"],"yoast_head":"<!-- This site is optimized with the Yoast SEO plugin v27.5 - https:\/\/yoast.com\/product\/yoast-seo-wordpress\/ -->\n<title>Blanc 2022<\/title>\n<meta name=\"robots\" content=\"index, follow, max-snippet:-1, max-image-preview:large, max-video-preview:-1\" \/>\n<link rel=\"canonical\" href=\"https:\/\/fredavelle.fr\/index.php\/vins\/cuvee-inspiration\/blanc\/\" \/>\n<meta property=\"og:locale\" content=\"fr_FR\" \/>\n<meta property=\"og:type\" content=\"article\" \/>\n<meta property=\"og:title\" content=\"Blanc 2022\" \/>\n<meta property=\"og:description\" content=\"Cuv\u00e9e INSPIRATION Blanc 2022 AOP Coteaux d&#8217;Aix-en-Provence, BIO FICHE TECHNIQUE : T\u00e9l\u00e9charger en fran\u00e7ais \/ Download in english C\u00c9PAGES : Sauvignon, Vermentino \/ Age moyen des vignes : 25 ans.\u00a0 &hellip; Lire la suite de\u00ab\u00a0Blanc 2022\u00a0\u00bb\" \/>\n<meta property=\"og:url\" content=\"https:\/\/fredavelle.fr\/index.php\/vins\/cuvee-inspiration\/blanc\/\" \/>\n<meta property=\"article:publisher\" content=\"https:\/\/www.facebook.com\/domainefredavelle\" \/>\n<meta property=\"article:modified_time\" content=\"2024-05-21T14:06:37+00:00\" \/>\n<meta property=\"og:image\" content=\"https:\/\/fredavelle.fr\/wp-content\/uploads\/2023\/07\/CA-Inspi-Blanc-2022.jpg\" \/>\n\t<meta property=\"og:image:width\" content=\"290\" \/>\n\t<meta property=\"og:image:height\" content=\"936\" \/>\n\t<meta property=\"og:image:type\" content=\"image\/jpeg\" \/>\n<meta name=\"twitter:card\" content=\"summary_large_image\" \/>\n<meta name=\"twitter:label1\" content=\"Dur\u00e9e de lecture estim\u00e9e\" \/>\n\t<meta name=\"twitter:data1\" content=\"1 minute\" \/>\n<script type=\"application\/ld+json\" class=\"yoast-schema-graph\">{\"@context\":\"https:\\\/\\\/schema.org\",\"@graph\":[{\"@type\":\"WebPage\",\"@id\":\"https:\\\/\\\/fredavelle.fr\\\/index.php\\\/vins\\\/cuvee-inspiration\\\/blanc\\\/\",\"url\":\"https:\\\/\\\/fredavelle.fr\\\/index.php\\\/vins\\\/cuvee-inspiration\\\/blanc\\\/\",\"name\":\"Blanc 2022\",\"isPartOf\":{\"@id\":\"https:\\\/\\\/fredavelle.fr\\\/#website\"},\"primaryImageOfPage\":{\"@id\":\"https:\\\/\\\/fredavelle.fr\\\/index.php\\\/vins\\\/cuvee-inspiration\\\/blanc\\\/#primaryimage\"},\"image\":{\"@id\":\"https:\\\/\\\/fredavelle.fr\\\/index.php\\\/vins\\\/cuvee-inspiration\\\/blanc\\\/#primaryimage\"},\"thumbnailUrl\":\"https:\\\/\\\/fredavelle.fr\\\/wp-content\\\/uploads\\\/2023\\\/07\\\/CA-Inspi-Blanc-2022-93x300.jpg\",\"datePublished\":\"2016-05-31T14:14:02+00:00\",\"dateModified\":\"2024-05-21T14:06:37+00:00\",\"breadcrumb\":{\"@id\":\"https:\\\/\\\/fredavelle.fr\\\/index.php\\\/vins\\\/cuvee-inspiration\\\/blanc\\\/#breadcrumb\"},\"inLanguage\":\"fr-FR\",\"potentialAction\":[{\"@type\":\"ReadAction\",\"target\":[\"https:\\\/\\\/fredavelle.fr\\\/index.php\\\/vins\\\/cuvee-inspiration\\\/blanc\\\/\"]}]},{\"@type\":\"ImageObject\",\"inLanguage\":\"fr-FR\",\"@id\":\"https:\\\/\\\/fredavelle.fr\\\/index.php\\\/vins\\\/cuvee-inspiration\\\/blanc\\\/#primaryimage\",\"url\":\"https:\\\/\\\/fredavelle.fr\\\/wp-content\\\/uploads\\\/2023\\\/07\\\/CA-Inspi-Blanc-2022.jpg\",\"contentUrl\":\"https:\\\/\\\/fredavelle.fr\\\/wp-content\\\/uploads\\\/2023\\\/07\\\/CA-Inspi-Blanc-2022.jpg\",\"width\":290,\"height\":936},{\"@type\":\"BreadcrumbList\",\"@id\":\"https:\\\/\\\/fredavelle.fr\\\/index.php\\\/vins\\\/cuvee-inspiration\\\/blanc\\\/#breadcrumb\",\"itemListElement\":[{\"@type\":\"ListItem\",\"position\":1,\"name\":\"Accueil\",\"item\":\"https:\\\/\\\/fredavelle.fr\\\/\"},{\"@type\":\"ListItem\",\"position\":2,\"name\":\"VINS\",\"item\":\"https:\\\/\\\/fredavelle.fr\\\/index.php\\\/vins\\\/\"},{\"@type\":\"ListItem\",\"position\":3,\"name\":\"Priv\u00e9\u00a0: Cuv\u00e9e INSPIRATION\",\"item\":\"https:\\\/\\\/fredavelle.fr\\\/index.php\\\/vins\\\/cuvee-inspiration\\\/\"},{\"@type\":\"ListItem\",\"position\":4,\"name\":\"Blanc 2022\"}]},{\"@type\":\"WebSite\",\"@id\":\"https:\\\/\\\/fredavelle.fr\\\/#website\",\"url\":\"https:\\\/\\\/fredavelle.fr\\\/\",\"name\":\"Domaine Fredavelle\",\"description\":\"vignerons en coteaux d&#039;aix-en-provence\",\"publisher\":{\"@id\":\"https:\\\/\\\/fredavelle.fr\\\/#organization\"},\"potentialAction\":[{\"@type\":\"SearchAction\",\"target\":{\"@type\":\"EntryPoint\",\"urlTemplate\":\"https:\\\/\\\/fredavelle.fr\\\/?s={search_term_string}\"},\"query-input\":{\"@type\":\"PropertyValueSpecification\",\"valueRequired\":true,\"valueName\":\"search_term_string\"}}],\"inLanguage\":\"fr-FR\"},{\"@type\":\"Organization\",\"@id\":\"https:\\\/\\\/fredavelle.fr\\\/#organization\",\"name\":\"Domaine Fredavelle\",\"url\":\"https:\\\/\\\/fredavelle.fr\\\/\",\"logo\":{\"@type\":\"ImageObject\",\"inLanguage\":\"fr-FR\",\"@id\":\"https:\\\/\\\/fredavelle.fr\\\/#\\\/schema\\\/logo\\\/image\\\/\",\"url\":\"https:\\\/\\\/fredavelle.fr\\\/wp-content\\\/uploads\\\/2024\\\/08\\\/logo-pied-de-page-313.png\",\"contentUrl\":\"https:\\\/\\\/fredavelle.fr\\\/wp-content\\\/uploads\\\/2024\\\/08\\\/logo-pied-de-page-313.png\",\"width\":313,\"height\":313,\"caption\":\"Domaine Fredavelle\"},\"image\":{\"@id\":\"https:\\\/\\\/fredavelle.fr\\\/#\\\/schema\\\/logo\\\/image\\\/\"},\"sameAs\":[\"https:\\\/\\\/www.facebook.com\\\/domainefredavelle\",\"https:\\\/\\\/www.instagram.com\\\/domainefredavelle\"]}]}<\/script>\n<!-- \/ Yoast SEO plugin. -->","yoast_head_json":{"title":"Blanc 2022","robots":{"index":"index","follow":"follow","max-snippet":"max-snippet:-1","max-image-preview":"max-image-preview:large","max-video-preview":"max-video-preview:-1"},"canonical":"https:\/\/fredavelle.fr\/index.php\/vins\/cuvee-inspiration\/blanc\/","og_locale":"fr_FR","og_type":"article","og_title":"Blanc 2022","og_description":"Cuv\u00e9e INSPIRATION Blanc 2022 AOP Coteaux d&#8217;Aix-en-Provence, BIO FICHE TECHNIQUE : T\u00e9l\u00e9charger en fran\u00e7ais \/ Download in english C\u00c9PAGES : Sauvignon, Vermentino \/ Age moyen des vignes : 25 ans.\u00a0 &hellip; Lire la suite de\u00ab\u00a0Blanc 2022\u00a0\u00bb","og_url":"https:\/\/fredavelle.fr\/index.php\/vins\/cuvee-inspiration\/blanc\/","article_publisher":"https:\/\/www.facebook.com\/domainefredavelle","article_modified_time":"2024-05-21T14:06:37+00:00","og_image":[{"width":290,"height":936,"url":"https:\/\/fredavelle.fr\/wp-content\/uploads\/2023\/07\/CA-Inspi-Blanc-2022.jpg","type":"image\/jpeg"}],"twitter_card":"summary_large_image","twitter_misc":{"Dur\u00e9e de lecture estim\u00e9e":"1 minute"},"schema":{"@context":"https:\/\/schema.org","@graph":[{"@type":"WebPage","@id":"https:\/\/fredavelle.fr\/index.php\/vins\/cuvee-inspiration\/blanc\/","url":"https:\/\/fredavelle.fr\/index.php\/vins\/cuvee-inspiration\/blanc\/","name":"Blanc 2022","isPartOf":{"@id":"https:\/\/fredavelle.fr\/#website"},"primaryImageOfPage":{"@id":"https:\/\/fredavelle.fr\/index.php\/vins\/cuvee-inspiration\/blanc\/#primaryimage"},"image":{"@id":"https:\/\/fredavelle.fr\/index.php\/vins\/cuvee-inspiration\/blanc\/#primaryimage"},"thumbnailUrl":"https:\/\/fredavelle.fr\/wp-content\/uploads\/2023\/07\/CA-Inspi-Blanc-2022-93x300.jpg","datePublished":"2016-05-31T14:14:02+00:00","dateModified":"2024-05-21T14:06:37+00:00","breadcrumb":{"@id":"https:\/\/fredavelle.fr\/index.php\/vins\/cuvee-inspiration\/blanc\/#breadcrumb"},"inLanguage":"fr-FR","potentialAction":[{"@type":"ReadAction","target":["https:\/\/fredavelle.fr\/index.php\/vins\/cuvee-inspiration\/blanc\/"]}]},{"@type":"ImageObject","inLanguage":"fr-FR","@id":"https:\/\/fredavelle.fr\/index.php\/vins\/cuvee-inspiration\/blanc\/#primaryimage","url":"https:\/\/fredavelle.fr\/wp-content\/uploads\/2023\/07\/CA-Inspi-Blanc-2022.jpg","contentUrl":"https:\/\/fredavelle.fr\/wp-content\/uploads\/2023\/07\/CA-Inspi-Blanc-2022.jpg","width":290,"height":936},{"@type":"BreadcrumbList","@id":"https:\/\/fredavelle.fr\/index.php\/vins\/cuvee-inspiration\/blanc\/#breadcrumb","itemListElement":[{"@type":"ListItem","position":1,"name":"Accueil","item":"https:\/\/fredavelle.fr\/"},{"@type":"ListItem","position":2,"name":"VINS","item":"https:\/\/fredavelle.fr\/index.php\/vins\/"},{"@type":"ListItem","position":3,"name":"Priv\u00e9\u00a0: Cuv\u00e9e INSPIRATION","item":"https:\/\/fredavelle.fr\/index.php\/vins\/cuvee-inspiration\/"},{"@type":"ListItem","position":4,"name":"Blanc 2022"}]},{"@type":"WebSite","@id":"https:\/\/fredavelle.fr\/#website","url":"https:\/\/fredavelle.fr\/","name":"Domaine Fredavelle","description":"vignerons en coteaux d&#039;aix-en-provence","publisher":{"@id":"https:\/\/fredavelle.fr\/#organization"},"potentialAction":[{"@type":"SearchAction","target":{"@type":"EntryPoint","urlTemplate":"https:\/\/fredavelle.fr\/?s={search_term_string}"},"query-input":{"@type":"PropertyValueSpecification","valueRequired":true,"valueName":"search_term_string"}}],"inLanguage":"fr-FR"},{"@type":"Organization","@id":"https:\/\/fredavelle.fr\/#organization","name":"Domaine Fredavelle","url":"https:\/\/fredavelle.fr\/","logo":{"@type":"ImageObject","inLanguage":"fr-FR","@id":"https:\/\/fredavelle.fr\/#\/schema\/logo\/image\/","url":"https:\/\/fredavelle.fr\/wp-content\/uploads\/2024\/08\/logo-pied-de-page-313.png","contentUrl":"https:\/\/fredavelle.fr\/wp-content\/uploads\/2024\/08\/logo-pied-de-page-313.png","width":313,"height":313,"caption":"Domaine Fredavelle"},"image":{"@id":"https:\/\/fredavelle.fr\/#\/schema\/logo\/image\/"},"sameAs":["https:\/\/www.facebook.com\/domainefredavelle","https:\/\/www.instagram.com\/domainefredavelle"]}]}},"uagb_featured_image_src":{"full":false,"thumbnail":false,"medium":false,"medium_large":false,"large":false,"1536x1536":false,"2048x2048":false,"inspiro-featured-image":false,"inspiro-loop":false,"inspiro-loop@2x":false,"tlp-portfolio-thumb":false},"uagb_author_info":{"display_name":"Domaine Fredavelle","author_link":"https:\/\/fredavelle.fr\/index.php\/author\/wordpress-owi\/"},"uagb_comment_info":0,"uagb_excerpt":"Cuv\u00e9e INSPIRATION Blanc 2022 AOP Coteaux d&#8217;Aix-en-Provence, BIO FICHE TECHNIQUE : T\u00e9l\u00e9charger en fran\u00e7ais \/ Download in english C\u00c9PAGES : Sauvignon, Vermentino \/ Age moyen des vignes : 25 ans.\u00a0 &hellip; Lire la suite de\u00ab\u00a0Blanc 2022\u00a0\u00bb","_links":{"self":[{"href":"https:\/\/fredavelle.fr\/index.php\/wp-json\/wp\/v2\/pages\/58","targetHints":{"allow":["GET"]}}],"collection":[{"href":"https:\/\/fredavelle.fr\/index.php\/wp-json\/wp\/v2\/pages"}],"about":[{"href":"https:\/\/fredavelle.fr\/index.php\/wp-json\/wp\/v2\/types\/page"}],"author":[{"embeddable":true,"href":"https:\/\/fredavelle.fr\/index.php\/wp-json\/wp\/v2\/users\/1"}],"replies":[{"embeddable":true,"href":"https:\/\/fredavelle.fr\/index.php\/wp-json\/wp\/v2\/comments?post=58"}],"version-history":[{"count":39,"href":"https:\/\/fredavelle.fr\/index.php\/wp-json\/wp\/v2\/pages\/58\/revisions"}],"predecessor-version":[{"id":3468,"href":"https:\/\/fredavelle.fr\/index.php\/wp-json\/wp\/v2\/pages\/58\/revisions\/3468"}],"up":[{"embeddable":true,"href":"https:\/\/fredavelle.fr\/index.php\/wp-json\/wp\/v2\/pages\/54"}],"wp:attachment":[{"href":"https:\/\/fredavelle.fr\/index.php\/wp-json\/wp\/v2\/media?parent=58"}],"curies":[{"name":"wp","href":"https:\/\/api.w.org\/{rel}","templated":true}]}}